{"version":"1.0","provider_name":"Marc CHAZELLE Photographe d&#039;entreprise - Normandie &amp; Paris","provider_url":"https:\/\/marc-chazelle.fr\/photographe","author_name":"photo","author_url":"https:\/\/marc-chazelle.fr\/photographe\/author\/photo\/","title":"exposition Evanescence V\u00e9g\u00e9tale - Marc CHAZELLE Photographe d&#039;entreprise - Normandie &amp; Paris","type":"rich","width":600,"height":338,"html":"<blockquote class=\"wp-embedded-content\" data-secret=\"jod5UHhiD3\"><a href=\"https:\/\/marc-chazelle.fr\/photographe\/exposition-evanescence-vegetale\/\">exposition Evanescence V\u00e9g\u00e9tale<\/a><\/blockquote><iframe sandbox=\"allow-scripts\" security=\"restricted\" src=\"https:\/\/marc-chazelle.fr\/photographe\/exposition-evanescence-vegetale\/embed\/#?secret=jod5UHhiD3\" width=\"600\" height=\"338\" title=\"\u00ab\u00a0exposition Evanescence V\u00e9g\u00e9tale\u00a0\u00bb &#8212; Marc CHAZELLE Photographe d&#039;entreprise - Normandie &amp; Paris\" data-secret=\"jod5UHhiD3\" frameborder=\"0\" marginwidth=\"0\" marginheight=\"0\" scrolling=\"no\" class=\"wp-embedded-content\"><\/iframe><script type=\"text\/javascript\">\n\/* <![CDATA[ *\/\n\/*! This file is auto-generated *\/\n!function(d,l){\"use strict\";l.querySelector&&d.addEventListener&&\"undefined\"!=typeof URL&&(d.wp=d.wp||{},d.wp.receiveEmbedMessage||(d.wp.receiveEmbedMessage=function(e){var t=e.data;if((t||t.secret||t.message||t.value)&&!\/[^a-zA-Z0-9]\/.test(t.secret)){for(var s,r,n,a=l.querySelectorAll('iframe[data-secret=\"'+t.secret+'\"]'),o=l.querySelectorAll('blockquote[data-secret=\"'+t.secret+'\"]'),c=new RegExp(\"^https?:$\",\"i\"),i=0;i<o.length;i++)o[i].style.display=\"none\";for(i=0;i<a.length;i++)s=a[i],e.source===s.contentWindow&&(s.removeAttribute(\"style\"),\"height\"===t.message?(1e3<(r=parseInt(t.value,10))?r=1e3:~~r<200&&(r=200),s.height=r):\"link\"===t.message&&(r=new URL(s.getAttribute(\"src\")),n=new URL(t.value),c.test(n.protocol))&&n.host===r.host&&l.activeElement===s&&(d.top.location.href=t.value))}},d.addEventListener(\"message\",d.wp.receiveEmbedMessage,!1),l.addEventListener(\"DOMContentLoaded\",function(){for(var e,t,s=l.querySelectorAll(\"iframe.wp-embedded-content\"),r=0;r<s.length;r++)(t=(e=s[r]).getAttribute(\"data-secret\"))||(t=Math.random().toString(36).substring(2,12),e.src+=\"#?secret=\"+t,e.setAttribute(\"data-secret\",t)),e.contentWindow.postMessage({message:\"ready\",secret:t},\"*\")},!1)))}(window,document);\n\/\/# sourceURL=https:\/\/marc-chazelle.fr\/photographe\/wp-includes\/js\/wp-embed.min.js\n\/* ]]> *\/\n<\/script>\n","thumbnail_url":"https:\/\/marc-chazelle.fr\/photographe\/wp-content\/uploads\/2025\/02\/affiche-expo.jpg","thumbnail_width":724,"thumbnail_height":1024,"description":"D\u00e9couvrez Evanescence V\u00e9g\u00e9tale, une exposition de Marc Chazelle qui sublime la beaut\u00e9 \u00e9ph\u00e9m\u00e8re des v\u00e9g\u00e9taux fan\u00e9s. Par un jeu d\u2019ombres et de lumi\u00e8res, cette s\u00e9rie r\u00e9v\u00e8le textures et imperfections, transformant notre regard sur la nature et le temps qui passe."}